{"id":11,"date":"2025-01-16T23:15:55","date_gmt":"2025-01-17T02:15:55","guid":{"rendered":"https:\/\/abiauto.com.br\/?page_id=11"},"modified":"2025-01-20T16:02:40","modified_gmt":"2025-01-20T19:02:40","slug":"sobre-a-abiauto","status":"publish","type":"page","link":"https:\/\/abiauto.com.br\/index.php\/sobre-a-abiauto\/","title":{"rendered":"Associa\u00e7\u00e3o"},"content":{"rendered":"\n<p>              A <strong>ABIAUTO<\/strong> &#8211; Associa\u00e7\u00e3o Brasileira da Imprensa Automotiva &#8211; \u00e9 uma organiza\u00e7\u00e3o que re\u00fane profissionais da imprensa especializados no setor automotivo. Seu car\u00e1ter \u00e9 associativo, cultural, social e recreativo, conectando jornalistas que atuam em diferentes formatos de m\u00eddia, como jornais, revistas, r\u00e1dios, TVs e sites especializados. Al\u00e9m disso, inclui assessores de imprensa ligados ao setor e representantes das \u00e1reas de comunica\u00e7\u00e3o de montadoras e importadoras de ve\u00edculos.<\/p>\n\n\n\n<p>Fundada em 1998 por jornalistas especializados no segmento automotivo, a ABIAUTO tem como miss\u00e3o promover a liberdade de imprensa, oferecer apoio e integra\u00e7\u00e3o aos seus associados e incentivar o estudo e o debate sobre temas relacionados ao universo automotivo. A associa\u00e7\u00e3o tamb\u00e9m organiza eventos, patrocina iniciativas, promove concursos e mant\u00e9m parcerias com entidades internacionais do mesmo setor.<\/p>\n\n\n\n<div class=\"wp-block-uagb-tabs uagb-block-10bd3a86 uagb-tabs__wrap uagb-tabs__hstyle3-desktop uagb-tabs__vstyle6-tablet uagb-tabs__stack1-mobile\" data-tab-active=\"0\"><ul class=\"uagb-tabs__panel uagb-tabs__align-left\" role=\"tablist\"><li class=\"uagb-tab uagb-tabs__active\" role=\"none\"><a href=\"#uagb-tabs__tab0\" class=\"uagb-tabs-list uagb-tabs__icon-position-left\" data-tab=\"0\" role=\"tab\"><div>Miss\u00e3o<\/div><\/a><\/li><li class=\"uagb-tab \" role=\"none\"><a href=\"#uagb-tabs__tab1\" class=\"uagb-tabs-list uagb-tabs__icon-position-left\" data-tab=\"1\" role=\"tab\"><div>Vis\u00e3o<\/div><\/a><\/li><li class=\"uagb-tab \" role=\"none\"><a href=\"#uagb-tabs__tab2\" class=\"uagb-tabs-list uagb-tabs__icon-position-left\" data-tab=\"2\" role=\"tab\"><div>Valores<\/div><\/a><\/li><\/ul><div class=\"uagb-tabs__body-wrap\">\n<div class=\"wp-block-uagb-tabs-child uagb-tabs__body-container uagb-inner-tab-0\" aria-labelledby=\"uagb-tabs__tab0\">\n<p>Contribuir para a qualidade da informa\u00e7\u00e3o no setor automotivo.<\/p>\n<\/div>\n\n\n\n<div class=\"wp-block-uagb-tabs-child uagb-tabs__body-container uagb-inner-tab-1\" aria-labelledby=\"uagb-tabs__tab1\">\n<p>Ser refer\u00eancia na promo\u00e7\u00e3o do jornalismo automotivo no Brasil.<\/p>\n<\/div>\n\n\n\n<div class=\"wp-block-uagb-tabs-child uagb-tabs__body-container uagb-inner-tab-2\" aria-labelledby=\"uagb-tabs__tab2\">\n<p>\u00c9tica, inova\u00e7\u00e3o e compromisso com a verdade.<\/p>\n<\/div>\n<\/div><\/div>\n\n\n\n<h3 class=\"wp-block-heading\"><br><strong>Gest\u00e3o ABIAUTO 2023\/2025<\/strong><\/h3>\n\n\n\n<h4 class=\"wp-block-heading\"><strong>Diretoria Executiva<\/strong><\/h4>\n\n\n\n<ul class=\"wp-block-list\">\n<li><strong>Presidente:<\/strong> Ant\u00f4nio Fraga<\/li>\n\n\n\n<li><strong>Vice-presidente:<\/strong> Carolina Vilanova<\/li>\n\n\n\n<li><strong>1\u00ba Secret\u00e1rio:<\/strong> Evandro Magnussen Filho<\/li>\n\n\n\n<li><strong>2\u00ba Secret\u00e1rio:<\/strong> Ana C\u00e9lia Arag\u00e3o<\/li>\n<\/ul>\n\n\n\n<h4 class=\"wp-block-heading\"><strong>Conselho Fiscal<\/strong><\/h4>\n\n\n\n<ul class=\"wp-block-list\">\n<li>Eduardo Godinho<\/li>\n\n\n\n<li>Chico Lelis<\/li>\n\n\n\n<li>Paulo Cruz<\/li>\n<\/ul>\n\n\n\n<h4 class=\"wp-block-heading\"><strong>Conselho de \u00c9tica<\/strong><\/h4>\n\n\n\n<ul class=\"wp-block-list\">\n<li>Marcondes Viana<\/li>\n\n\n\n<li>Wanderley Faria<\/li>\n\n\n\n<li>Tarcisio Dias<\/li>\n\n\n\n<li>Norton Ferreira<\/li>\n\n\n\n<li>Eduardo Abbas<\/li>\n<\/ul>\n","protected":false},"excerpt":{"rendered":"<p>A ABIAUTO &#8211; Associa\u00e7\u00e3o Brasileira da Imprensa Automotiva &#8211; \u00e9 uma organiza\u00e7\u00e3o que re\u00fane profissionais da imprensa especializados no setor automotivo. Seu car\u00e1ter \u00e9 associativo, cultural, social e recreativo, conectando jornalistas que atuam em diferentes formatos de m\u00eddia, como jornais, revistas, r\u00e1dios, TVs e sites especializados. Al\u00e9m disso, inclui assessores de imprensa ligados ao setor&hellip;&nbsp;<a href=\"https:\/\/abiauto.com.br\/index.php\/sobre-a-abiauto\/\" rel=\"bookmark\">Continue a ler &raquo;<span class=\"screen-reader-text\">Associa\u00e7\u00e3o<\/span><\/a><\/p>\n","protected":false},"author":1,"featured_media":0,"parent":0,"menu_order":0,"comment_status":"closed","ping_status":"closed","template":"","meta":{"neve_meta_sidebar":"","neve_meta_container":"","neve_meta_enable_content_width":"","neve_meta_content_width":0,"neve_meta_title_alignment":"","neve_meta_author_avatar":"","neve_post_elements_order":"","neve_meta_disable_header":"","neve_meta_disable_footer":"","neve_meta_disable_title":"","footnotes":""},"class_list":["post-11","page","type-page","status-publish","hentry"],"_links":{"self":[{"href":"https:\/\/abiauto.com.br\/index.php\/wp-json\/wp\/v2\/pages\/11","targetHints":{"allow":["GET"]}}],"collection":[{"href":"https:\/\/abiauto.com.br\/index.php\/wp-json\/wp\/v2\/pages"}],"about":[{"href":"https:\/\/abiauto.com.br\/index.php\/wp-json\/wp\/v2\/types\/page"}],"author":[{"embeddable":true,"href":"https:\/\/abiauto.com.br\/index.php\/wp-json\/wp\/v2\/users\/1"}],"replies":[{"embeddable":true,"href":"https:\/\/abiauto.com.br\/index.php\/wp-json\/wp\/v2\/comments?post=11"}],"version-history":[{"count":15,"href":"https:\/\/abiauto.com.br\/index.php\/wp-json\/wp\/v2\/pages\/11\/revisions"}],"predecessor-version":[{"id":349,"href":"https:\/\/abiauto.com.br\/index.php\/wp-json\/wp\/v2\/pages\/11\/revisions\/349"}],"wp:attachment":[{"href":"https:\/\/abiauto.com.br\/index.php\/wp-json\/wp\/v2\/media?parent=11"}],"curies":[{"name":"wp","href":"https:\/\/api.w.org\/{rel}","templated":true}]}}